{"id":20564,"date":"2023-12-25T19:55:32","date_gmt":"2023-12-25T18:55:32","guid":{"rendered":"https:\/\/ufc.dz\/en\/?page_id=20564"},"modified":"2024-03-17T11:30:17","modified_gmt":"2024-03-17T10:30:17","slug":"ministerial-activities","status":"publish","type":"page","link":"https:\/\/ufc.dz\/en\/index.php\/ministerial-activities\/","title":{"rendered":"Ministerial activities"},"content":{"rendered":"\t\t<div data-elementor-type=\"wp-page\" data-elementor-id=\"20564\" class=\"elementor elementor-20564\">\n\t\t\t\t\t\t<section class=\"elementor-section elementor-top-section elementor-element elementor-element-ea72245 elementor-section-boxed elementor-section-height-default elementor-section-height-default wpr-particle-no wpr-jarallax-no wpr-parallax-no wpr-sticky-section-no\" data-id=\"ea72245\" data-element_type=\"section\" data-e-type=\"section\">\n\t\t\t\t\t\t<div class=\"elementor-container elementor-column-gap-default\">\n\t\t\t\t\t<div class=\"elementor-column elementor-col-100 elementor-top-column elementor-element elementor-element-20e0983\" data-id=\"20e0983\" data-element_type=\"column\" data-e-type=\"column\">\n\t\t\t<div class=\"elementor-widget-wrap elementor-element-populated\">\n\t\t\t\t\t\t<div class=\"elementor-element elementor-element-d5b5886 elementor-grid-eael-col-3 elementor-grid-tablet-eael-col-2 elementor-grid-mobile-eael-col-1 elementor-widget elementor-widget-eael-post-grid\" data-id=\"d5b5886\" data-element_type=\"widget\" data-e-type=\"widget\" data-settings=\"{&quot;eael_post_grid_columns&quot;:&quot;eael-col-3&quot;,&quot;eael_post_grid_columns_tablet&quot;:&quot;eael-col-2&quot;,&quot;eael_post_grid_columns_mobile&quot;:&quot;eael-col-1&quot;}\" data-widget_type=\"eael-post-grid.default\">\n\t\t\t\t<div class=\"elementor-widget-container\">\n\t\t\t\t\t<div id=\"eael-post-grid-d5b5886\" class=\"eael-post-grid-container\">\n            <div class=\"eael-post-grid eael-post-appender eael-post-appender-d5b5886 eael-post-grid-style-one\" data-layout-mode=\"grid\"><article class=\"eael-grid-post  eael-post-grid-column eael-pg-post-25875 category-latest-news-ministerial-activities\" data-id=\"25875\">\n        <div class=\"eael-grid-post-holder\">\n            <div class=\"eael-grid-post-holder-inner\"><div class=\"eael-entry-media\"><div class=\"eael-entry-overlay fade-in\"><i class=\"fas fa-long-arrow-alt-right\" aria-hidden=\"true\"><\/i><a href=\"https:\/\/ufc.dz\/en\/index.php\/minister-of-higher-education-supervises-graduation-of-the-first-class-in-quantum-computing-and-concludes-the-2024-2025-academic-year\/\"><\/a><\/div><div class=\"eael-entry-thumbnail eael-image-ratio\">\n                <img fetchpriority=\"high\" decoding=\"async\" width=\"300\" height=\"194\" src=\"https:\/\/ufc.dz\/en\/wp-content\/uploads\/2025\/07\/517401688_716519584560146_103423252066804831_n-1-300x194.jpg\" class=\"attachment-medium size-medium wp-image-25874\" alt=\"\" srcset=\"https:\/\/ufc.dz\/en\/wp-content\/uploads\/2025\/07\/517401688_716519584560146_103423252066804831_n-1-300x194.jpg 300w, https:\/\/ufc.dz\/en\/wp-content\/uploads\/2025\/07\/517401688_716519584560146_103423252066804831_n-1.jpg 620w\" sizes=\"(max-width: 300px) 100vw, 300px\" \/>\n            <\/div>\n        <\/div><div class=\"eael-entry-wrapper\"><header class=\"eael-entry-header\"><h2 class=\"eael-entry-title\"><a class=\"eael-grid-post-link\" href=\"https:\/\/ufc.dz\/en\/index.php\/minister-of-higher-education-supervises-graduation-of-the-first-class-in-quantum-computing-and-concludes-the-2024-2025-academic-year\/\" title=\"Minister of Higher Education Supervises Graduation of the First Class in Quantum Computing and Concludes the 2024\u20132025 Academic Year\">Minister of Higher Education Supervises Graduation of the First Class in Quantum Computing and Concludes the 2024\u20132025 Academic Year<\/a><\/h2><\/header><div class=\"eael-entry-footer\"><div class=\"eael-entry-meta\"><span class=\"eael-posted-on\"><time datetime=\"12 juillet 2025\">12 juillet 2025<\/time><\/span><\/div><\/div><\/div><\/div>\n        <\/div>\n    <\/article><article class=\"eael-grid-post  eael-post-grid-column eael-pg-post-25595 category-latest-news-ministerial-activities\" data-id=\"25595\">\n        <div class=\"eael-grid-post-holder\">\n            <div class=\"eael-grid-post-holder-inner\"><div class=\"eael-entry-media\"><div class=\"eael-entry-overlay fade-in\"><i class=\"fas fa-long-arrow-alt-right\" aria-hidden=\"true\"><\/i><a href=\"https:\/\/ufc.dz\/en\/index.php\/prime-minister-presides-over-the-presidential-award-ceremony-for-innovative-researchers\/\"><\/a><\/div><div class=\"eael-entry-thumbnail eael-image-ratio\">\n                <img decoding=\"async\" width=\"300\" height=\"175\" src=\"https:\/\/ufc.dz\/en\/wp-content\/uploads\/2025\/06\/\u062c\u0627\u0626\u0632\u0629-\u0631\u0626\u064a\u0633-\u0644\u0644\u062c\u0645\u0647\u0648\u0631\u064a\u0629-\u0644\u0644\u0628\u0627\u062d\u062b-\u0627\u0644\u0645\u0628\u062a\u0643\u0631-300x175.jpg\" class=\"attachment-medium size-medium wp-image-25594\" alt=\"\" srcset=\"https:\/\/ufc.dz\/en\/wp-content\/uploads\/2025\/06\/\u062c\u0627\u0626\u0632\u0629-\u0631\u0626\u064a\u0633-\u0644\u0644\u062c\u0645\u0647\u0648\u0631\u064a\u0629-\u0644\u0644\u0628\u0627\u062d\u062b-\u0627\u0644\u0645\u0628\u062a\u0643\u0631-300x175.jpg 300w, https:\/\/ufc.dz\/en\/wp-content\/uploads\/2025\/06\/\u062c\u0627\u0626\u0632\u0629-\u0631\u0626\u064a\u0633-\u0644\u0644\u062c\u0645\u0647\u0648\u0631\u064a\u0629-\u0644\u0644\u0628\u0627\u062d\u062b-\u0627\u0644\u0645\u0628\u062a\u0643\u0631.jpg 557w\" sizes=\"(max-width: 300px) 100vw, 300px\" \/>\n            <\/div>\n        <\/div><div class=\"eael-entry-wrapper\"><header class=\"eael-entry-header\"><h2 class=\"eael-entry-title\"><a class=\"eael-grid-post-link\" href=\"https:\/\/ufc.dz\/en\/index.php\/prime-minister-presides-over-the-presidential-award-ceremony-for-innovative-researchers\/\" title=\"Prime Minister Presides Over the Presidential Award Ceremony for Innovative Researchers\">Prime Minister Presides Over the Presidential Award Ceremony for Innovative Researchers<\/a><\/h2><\/header><div class=\"eael-entry-footer\"><div class=\"eael-entry-meta\"><span class=\"eael-posted-on\"><time datetime=\"20 mai 2025\">20 mai 2025<\/time><\/span><\/div><\/div><\/div><\/div>\n        <\/div>\n    <\/article><article class=\"eael-grid-post  eael-post-grid-column eael-pg-post-25286 category-latest-news-ministerial-activities\" data-id=\"25286\">\n        <div class=\"eael-grid-post-holder\">\n            <div class=\"eael-grid-post-holder-inner\"><div class=\"eael-entry-media\"><div class=\"eael-entry-overlay fade-in\"><i class=\"fas fa-long-arrow-alt-right\" aria-hidden=\"true\"><\/i><a href=\"https:\/\/ufc.dz\/en\/index.php\/congratulatory-message-from-the-minister-of-higher-education-and-scientific-research-to-award-winning-innovative-students\/\"><\/a><\/div><div class=\"eael-entry-thumbnail eael-image-ratio\">\n                <img decoding=\"async\" width=\"300\" height=\"218\" src=\"https:\/\/ufc.dz\/en\/wp-content\/uploads\/2025\/05\/495391021_665448673000571_4748866864739225710_n-300x218.jpg\" class=\"attachment-medium size-medium wp-image-25285\" alt=\"\" srcset=\"https:\/\/ufc.dz\/en\/wp-content\/uploads\/2025\/05\/495391021_665448673000571_4748866864739225710_n-300x218.jpg 300w, https:\/\/ufc.dz\/en\/wp-content\/uploads\/2025\/05\/495391021_665448673000571_4748866864739225710_n.jpg 640w\" sizes=\"(max-width: 300px) 100vw, 300px\" \/>\n            <\/div>\n        <\/div><div class=\"eael-entry-wrapper\"><header class=\"eael-entry-header\"><h2 class=\"eael-entry-title\"><a class=\"eael-grid-post-link\" href=\"https:\/\/ufc.dz\/en\/index.php\/congratulatory-message-from-the-minister-of-higher-education-and-scientific-research-to-award-winning-innovative-students\/\" title=\"Congratulatory Message from the Minister of Higher Education and Scientific Research to Award-Winning Innovative Students\">Congratulatory Message from the Minister of Higher Education and Scientific Research to Award-Winning Innovative Students<\/a><\/h2><\/header><div class=\"eael-entry-footer\"><div class=\"eael-entry-meta\"><span class=\"eael-posted-on\"><time datetime=\"5 mai 2025\">5 mai 2025<\/time><\/span><\/div><\/div><\/div><\/div>\n        <\/div>\n    <\/article><article class=\"eael-grid-post  eael-post-grid-column eael-pg-post-25066 category-activities-latest-news-ministerial-activities\" data-id=\"25066\">\n        <div class=\"eael-grid-post-holder\">\n            <div class=\"eael-grid-post-holder-inner\"><div class=\"eael-entry-media\"><div class=\"eael-entry-overlay fade-in\"><i class=\"fas fa-long-arrow-alt-right\" aria-hidden=\"true\"><\/i><a href=\"https:\/\/ufc.dz\/en\/index.php\/the-minister-of-higher-education-and-scientific-research-chairs-a-working-meeting-with-the-university-directorate-council\/\"><\/a><\/div><div class=\"eael-entry-thumbnail eael-image-ratio\">\n                <img loading=\"lazy\" decoding=\"async\" width=\"300\" height=\"168\" src=\"https:\/\/ufc.dz\/en\/wp-content\/uploads\/2025\/04\/492002189_702498132297336_9089569948346570530_n-300x168.jpg\" class=\"attachment-medium size-medium wp-image-25065\" alt=\"\" srcset=\"https:\/\/ufc.dz\/en\/wp-content\/uploads\/2025\/04\/492002189_702498132297336_9089569948346570530_n-300x168.jpg 300w, https:\/\/ufc.dz\/en\/wp-content\/uploads\/2025\/04\/492002189_702498132297336_9089569948346570530_n.jpg 700w\" sizes=\"(max-width: 300px) 100vw, 300px\" \/>\n            <\/div>\n        <\/div><div class=\"eael-entry-wrapper\"><header class=\"eael-entry-header\"><h2 class=\"eael-entry-title\"><a class=\"eael-grid-post-link\" href=\"https:\/\/ufc.dz\/en\/index.php\/the-minister-of-higher-education-and-scientific-research-chairs-a-working-meeting-with-the-university-directorate-council\/\" title=\"The Minister of Higher Education and Scientific Research Chairs a Working Meeting with the University Directorate Council\">The Minister of Higher Education and Scientific Research Chairs a Working Meeting with the University Directorate Council<\/a><\/h2><\/header><div class=\"eael-entry-footer\"><div class=\"eael-entry-meta\"><span class=\"eael-posted-on\"><time datetime=\"17 avril 2025\">17 avril 2025<\/time><\/span><\/div><\/div><\/div><\/div>\n        <\/div>\n    <\/article><article class=\"eael-grid-post  eael-post-grid-column eael-pg-post-25055 category-activities-latest-news-ministerial-activities\" data-id=\"25055\">\n        <div class=\"eael-grid-post-holder\">\n            <div class=\"eael-grid-post-holder-inner\"><div class=\"eael-entry-media\"><div class=\"eael-entry-overlay fade-in\"><i class=\"fas fa-long-arrow-alt-right\" aria-hidden=\"true\"><\/i><a href=\"https:\/\/ufc.dz\/en\/index.php\/launching-algerias-first-remote-entrepreneurship-development-center\/\"><\/a><\/div><div class=\"eael-entry-thumbnail eael-image-ratio\">\n                <img loading=\"lazy\" decoding=\"async\" width=\"300\" height=\"168\" src=\"https:\/\/ufc.dz\/en\/wp-content\/uploads\/2025\/04\/491027798_702468788966937_5792020967835475395_n-300x168.jpg\" class=\"attachment-medium size-medium wp-image-25054\" alt=\"\" srcset=\"https:\/\/ufc.dz\/en\/wp-content\/uploads\/2025\/04\/491027798_702468788966937_5792020967835475395_n-300x168.jpg 300w, https:\/\/ufc.dz\/en\/wp-content\/uploads\/2025\/04\/491027798_702468788966937_5792020967835475395_n.jpg 700w\" sizes=\"(max-width: 300px) 100vw, 300px\" \/>\n            <\/div>\n        <\/div><div class=\"eael-entry-wrapper\"><header class=\"eael-entry-header\"><h2 class=\"eael-entry-title\"><a class=\"eael-grid-post-link\" href=\"https:\/\/ufc.dz\/en\/index.php\/launching-algerias-first-remote-entrepreneurship-development-center\/\" title=\"Launching Algeria&rsquo;s First Remote Entrepreneurship Development Center\">Launching Algeria&rsquo;s First Remote Entrepreneurship Development Center<\/a><\/h2><\/header><div class=\"eael-entry-footer\"><div class=\"eael-entry-meta\"><span class=\"eael-posted-on\"><time datetime=\"17 avril 2025\">17 avril 2025<\/time><\/span><\/div><\/div><\/div><\/div>\n        <\/div>\n    <\/article><article class=\"eael-grid-post  eael-post-grid-column eael-pg-post-24980 category-ministerial-activities\" data-id=\"24980\">\n        <div class=\"eael-grid-post-holder\">\n            <div class=\"eael-grid-post-holder-inner\"><div class=\"eael-entry-media\"><div class=\"eael-entry-overlay fade-in\"><i class=\"fas fa-long-arrow-alt-right\" aria-hidden=\"true\"><\/i><a href=\"https:\/\/ufc.dz\/en\/index.php\/cooperation-agreement-between-the-algerian-ministry-of-higher-education-and-scientific-research-and-its-tunisian-counterpart\/\"><\/a><\/div><div class=\"eael-entry-thumbnail eael-image-ratio\">\n                <img loading=\"lazy\" decoding=\"async\" width=\"300\" height=\"225\" src=\"https:\/\/ufc.dz\/en\/wp-content\/uploads\/2025\/04\/491170715_699742819239534_6041991977560870662_n-300x225.jpg\" class=\"attachment-medium size-medium wp-image-24979\" alt=\"\" srcset=\"https:\/\/ufc.dz\/en\/wp-content\/uploads\/2025\/04\/491170715_699742819239534_6041991977560870662_n-300x225.jpg 300w, https:\/\/ufc.dz\/en\/wp-content\/uploads\/2025\/04\/491170715_699742819239534_6041991977560870662_n.jpg 620w\" sizes=\"(max-width: 300px) 100vw, 300px\" \/>\n            <\/div>\n        <\/div><div class=\"eael-entry-wrapper\"><header class=\"eael-entry-header\"><h2 class=\"eael-entry-title\"><a class=\"eael-grid-post-link\" href=\"https:\/\/ufc.dz\/en\/index.php\/cooperation-agreement-between-the-algerian-ministry-of-higher-education-and-scientific-research-and-its-tunisian-counterpart\/\" title=\"Cooperation Agreement Between the Algerian Ministry of Higher Education and Scientific Research and Its Tunisian Counterpart\">Cooperation Agreement Between the Algerian Ministry of Higher Education and Scientific Research and Its Tunisian Counterpart<\/a><\/h2><\/header><div class=\"eael-entry-footer\"><div class=\"eael-entry-meta\"><span class=\"eael-posted-on\"><time datetime=\"13 avril 2025\">13 avril 2025<\/time><\/span><\/div><\/div><\/div><\/div>\n        <\/div>\n    <\/article><\/div>\n            <div class=\"clearfix\"><\/div>\n        <\/div>            <div class=\"eael-load-more-button-wrap\">\n                <button class=\"eael-load-more-button\" id=\"eael-load-more-btn-d5b5886\" data-widget-id=\"d5b5886\" data-widget=\"d5b5886\" data-page-id=\"20564\" data-template=\"{&quot;dir&quot;:&quot;lite&quot;,&quot;file_name&quot;:&quot;one.php&quot;,&quot;name&quot;:&quot;Post-Grid&quot;}\" data-class=\"Essential_Addons_Elementor\\Elements\\Post_Grid\" data-layout=\"grid\" data-page=\"1\" data-args=\"orderby=date&amp;order=desc&amp;ignore_sticky_posts=1&amp;post_status=publish&amp;posts_per_page=6&amp;offset=0&amp;post_type=post&amp;tax_query%5B0%5D%5Btaxonomy%5D=category&amp;tax_query%5B0%5D%5Bfield%5D=term_id&amp;tax_query%5B0%5D%5Bterms%5D%5B0%5D=144&amp;tax_query%5Brelation%5D=AND\" data-max-page=\"9\">\n                    <span class=\"eael-btn-loader button__loader\"><\/span>\n                    <span class=\"eael_load_more_text\">Load More<\/span>\n                <\/button>\n            <\/div>\n            \t\t\t\t<\/div>\n\t\t\t\t<\/div>\n\t\t\t\t\t<\/div>\n\t\t<\/div>\n\t\t\t\t\t<\/div>\n\t\t<\/section>\n\t\t\t\t<\/div>\n\t\t","protected":false},"excerpt":{"rendered":"<p>Congratulations from the Minister of Higher Education and Scientific Research to the outstanding students in the regional Huawei competition 11 mars 2024 Visit of the Minister of Higher Education and Scientific Research to the Innovation Projects Hackathon 5 mars 2024 Visit of the Minister of Higher Education and Scientific Research to Ain Temouchent University 29 f\u00e9vrier 2024 Signing of a Cooperation Agreement Between the Minister of Higher Education and Scientific Research and the President of the Algerian Economic Renewal Council 27 f\u00e9vrier 2024 Honoring Elite Athletes 26 f\u00e9vrier 2024 Visit of the Minister of Higher Education and Scientific Research to the Batna University City 22 f\u00e9vrier 2024 Load More<\/p>\n","protected":false},"author":1,"featured_media":0,"parent":0,"menu_order":0,"comment_status":"closed","ping_status":"closed","template":"template\/full-width-template.php","meta":{"footnotes":""},"class_list":["post-20564","page","type-page","status-publish","hentry"],"rttpg_featured_image_url":null,"rttpg_author":{"display_name":"omaradmin","author_link":"https:\/\/ufc.dz\/en\/index.php\/author\/omaradmin\/"},"rttpg_comment":0,"rttpg_category":"","rttpg_excerpt":"Congratulations from the Minister of Higher Education and Scientific Research to the outstanding students in the regional Huawei competition 11 mars 2024 Visit of the Minister of Higher Education and Scientific Research to the Innovation Projects Hackathon 5 mars 2024 Visit of the Minister of Higher Education and Scientific Research to Ain Temouchent University 29\u2026","_links":{"self":[{"href":"https:\/\/ufc.dz\/en\/index.php\/wp-json\/wp\/v2\/pages\/20564","targetHints":{"allow":["GET"]}}],"collection":[{"href":"https:\/\/ufc.dz\/en\/index.php\/wp-json\/wp\/v2\/pages"}],"about":[{"href":"https:\/\/ufc.dz\/en\/index.php\/wp-json\/wp\/v2\/types\/page"}],"author":[{"embeddable":true,"href":"https:\/\/ufc.dz\/en\/index.php\/wp-json\/wp\/v2\/users\/1"}],"replies":[{"embeddable":true,"href":"https:\/\/ufc.dz\/en\/index.php\/wp-json\/wp\/v2\/comments?post=20564"}],"version-history":[{"count":13,"href":"https:\/\/ufc.dz\/en\/index.php\/wp-json\/wp\/v2\/pages\/20564\/revisions"}],"predecessor-version":[{"id":21608,"href":"https:\/\/ufc.dz\/en\/index.php\/wp-json\/wp\/v2\/pages\/20564\/revisions\/21608"}],"wp:attachment":[{"href":"https:\/\/ufc.dz\/en\/index.php\/wp-json\/wp\/v2\/media?parent=20564"}],"curies":[{"name":"wp","href":"https:\/\/api.w.org\/{rel}","templated":true}]}}